{"id":5885,"date":"2025-08-08T12:11:10","date_gmt":"2025-08-08T18:11:10","guid":{"rendered":"https:\/\/tamazuladegordiano.gob.mx\/new\/?page_id=5885"},"modified":"2025-08-08T12:11:13","modified_gmt":"2025-08-08T18:11:13","slug":"ciudad","status":"publish","type":"page","link":"https:\/\/tamazuladegordiano.gob.mx\/new\/ciudad\/","title":{"rendered":"Ciudad"},"content":{"rendered":"\n<p><\/p>\n\n\n\n<h3 class=\"wp-block-heading\">El Municipio de Tamazula se localiza al sureste del estado, en las coordenadas 19\u00ba23\u201915\u2019\u2019 a los 19\u00ba54\u201905\u2019\u2019 de latitud norte y de los 102\u00ba41\u201945\u2019\u2019 a los 102\u00ba27\u201930\u2019\u2019 de longitud oeste, a una altura de 1,250 metros sobre el nivel del mar.&nbsp;<\/h3>\n\n\n\n<h5 class=\"wp-block-heading\"><strong><em>Delimitaci\u00f3n<\/em><\/strong><\/h5>\n\n\n\n<p>Limita al norte con los municipios de Concepci\u00f3n de Buenos Aires, Mazamitla y G\u00f3mez Far\u00edas; al sur, Tecalitl\u00e1n, Jilotl\u00e1n de Dolores y Zapotiltic; al este, Jilotl\u00e1n de los Dolores, Santa Mar\u00eda del Oro y Valle de Ju\u00e1rez; y al oeste, Zapotiltic, Zapotl\u00e1n el Grande y G\u00f3mez Far\u00edas.<\/p>\n\n\n\n<h5 class=\"wp-block-heading\"><strong><em>Extensi\u00f3n<\/em><\/strong><\/h5>\n\n\n\n<p>La extensi\u00f3n territorial del municipio es de 1,324.48 kil\u00f3metros cuadrados.<\/p>\n\n\n\n<figure class=\"wp-block-image size-full\"><img decoding=\"async\" loading=\"lazy\" width=\"452\" height=\"553\" src=\"https:\/\/tamazuladegordiano.gob.mx\/new\/wp-content\/uploads\/2025\/08\/Captura-de-pantalla-2025-08-08-120023.png\" alt=\"\" class=\"wp-image-5886\" srcset=\"https:\/\/tamazuladegordiano.gob.mx\/new\/wp-content\/uploads\/2025\/08\/Captura-de-pantalla-2025-08-08-120023.png 452w, https:\/\/tamazuladegordiano.gob.mx\/new\/wp-content\/uploads\/2025\/08\/Captura-de-pantalla-2025-08-08-120023-245x300.png 245w\" sizes=\"(max-width: 452px) 100vw, 452px\" \/><\/figure>\n\n\n\n<p><\/p>\n\n\n\n<h3 class=\"wp-block-heading\"><a href=\"https:\/\/tamazuladegordiano.gob.mx\/new\/noticias\/delegaciones\">Delegaciones<\/a><\/h3>\n\n\n\n<p><\/p>\n\n\n\n<h3 class=\"wp-block-heading\"><strong><a href=\"https:\/\/tamazuladegordiano.gob.mx\/new\/noticias\/lugares-para-visitar\">Lugares de inter\u00e9s<\/a><\/strong><\/h3>\n\n\n\n<h5 class=\"wp-block-heading\"><strong><em>Turismo<\/em><\/strong><\/h5>\n\n\n\n<p>Se puede admirar el templo de la Virgen de Guadalupe, de estilo colonial, el santuario diocesano de la Virgen del Sagrario; y los atractivos naturales de los bosques localizados en el Cerro de la Mesa; la Sierra del Aguacate, la Sierra de San Francisco<em>,<\/em>&nbsp;el corredor tur\u00edstico de la Sierra del Tigre<em>,<\/em>&nbsp;balnearios ubicados en distintos puntos del municipio como es \u201cLas Jaras\u201d balneario de aguas termales y ba\u00f1os de vapor natural, \u201cAcuapolis\u201dparque acu\u00e1tico; as\u00ed como parques de deportes de monta\u00f1a como \u201cTierra Aventura\u201d que cuenta con tirolesas, zona de camping, cuatrimotos, etc.; sin dejar de mencionar las Exhaciendas de estilo colonial ubicadas en algunas delegaciones y agencias municipales como la de Vista Hermosa, San Vicente, Contla y Santa Rosa.<\/p>\n\n\n\n<h3 class=\"wp-block-heading\"><strong>Fiestas y tradiciones<\/strong><\/h3>\n\n\n\n<h5 class=\"wp-block-heading\"><strong><em>Fiestas populares<\/em><\/strong><\/h5>\n\n\n\n<p>Desde el inicio de la segunda quincena del mes de enero se adornan las calles en colores azul y blanco, caracter\u00edsticos del ropaje de la Virgen del Sagrario, para dar comienzo con las festividades religiosas que culminan el 2 de febrero; paralelo a estas se llevan a cabo las celebraciones seculares o \u201cmundanas\u201d propias para el esparcimiento y la diversi\u00f3n, conocido como La feria, siendo esta es la celebraci\u00f3n m\u00e1s esperada del a\u00f1o.<\/p>\n\n\n\n<p>Las celebraciones c\u00edvicas que se esparcen a lo largo del a\u00f1o como son el 21 de marzo natalicio de Don Benito Ju\u00e1rez Garc\u00eda, 1 y 5 de mayo, d\u00eda del trabajo y de la Batalla de Puebla respectivamente, 13 de septiembre, d\u00eda de los Ni\u00f1os H\u00e9roes de Chapultepec, 15 y 16 de septiembre, celebraci\u00f3n de la Ceremonia del Grito de Independencia y D\u00eda de la Independencia respectivamente, 12 de octubre, aniversario de Tamazula como ciudad, 20 de noviembre, celebraci\u00f3n de la Revoluci\u00f3n Mexicana, entre otros; estos eventos por lo general son celebrados con eventos c\u00edvicos tales como honores a la bandera, ofrendas florales, interpretaci\u00f3n del himno nacional, y en fechas de mayor rango se realizan eventos culturales en el Teatro del Pueblo con presentaciones de ballets folkl\u00f3ricos propios de nuestra ciudad e invitados, as\u00ed como presentaci\u00f3n de mariachi y otros grupos musicales.<\/p>\n\n\n\n<h5 class=\"wp-block-heading\"><strong><em>Tradiciones y costumbres<\/em><\/strong><\/h5>\n\n\n\n<p>En los festejos de la Virgen del Sagrario se acostumbra celebrar un novenario y durante los d\u00edas que dura este ritual se realizan otros festejos con m\u00fasica, juegos pirot\u00e9cnicos, castillos, cohetes, etc.<\/p>\n\n\n\n<p>Tambi\u00e9n se celebra un baile de coronaci\u00f3n al cual asisten los habitantes luciendo sus mejores galas.<\/p>\n\n\n\n<p>Asimismo, se acostumbra realizar una peregrinaci\u00f3n y fiesta en honor de los hijos ausentes quienes retornan a su lugar de origen, incluso los que se han trasladado fuera del pa\u00eds.<\/p>\n\n\n\n<h3 class=\"wp-block-heading\"><strong>Escudo de armas<\/strong><\/h3>\n\n\n\n<figure class=\"wp-block-image\"><img decoding=\"async\" src=\"https:\/\/portal-jalisco.s3.amazonaws.com\/jalisco\/images\/tamazula_de_gordiano-escudo.width-500.jpg\" alt=\"tamazula_de_gordiano-escudo\"\/><\/figure>\n\n\n\n<p>Tiene una forma completamente estilizada semejante a un \u00f3valo.&nbsp; La ca\u00f1a de az\u00facar y la milpa de ma\u00edz en las m\u00e1rgenes del r\u00edo simbolizan el progreso de esta tierra gracias al cultivo de dichas plantas.<\/p>\n\n\n\n<p>El sapo alude al significado del nombre de la municipalidad ya que Tamazula se deriva del vocablo n\u00e1huatl \u201cTamaz\u00fallan\u201d, que se compone de las voces \u201ctamaz\u00falin\u201d (sapo) y \u201ctl\u00e1n\u201d (entre), que se traduce como \u201clugar de sapos\u201d.<\/p>\n\n\n\n<p>Las cadenas rotas, el casco espa\u00f1ol partido, la corona de hojas de laurel y olivo y la bandera tricolor son una alegor\u00eda al triunfo del movimiento insurgente sobre las fuerzas realistas. Asimismo aluden al hecho de que en esta municipalidad nacieron los hermanos Francisco y Gordiano Guzm\u00e1n quienes se entregaron a la causa de la Independencia combatiendo en la regi\u00f3n sur del hoy estado de Jalisco.&nbsp;&nbsp;&nbsp;&nbsp;&nbsp;&nbsp;&nbsp;&nbsp;&nbsp;&nbsp;&nbsp;&nbsp;&nbsp;&nbsp;&nbsp;&nbsp;&nbsp;&nbsp;&nbsp;&nbsp;&nbsp;&nbsp;&nbsp;&nbsp;&nbsp;&nbsp;&nbsp;&nbsp;&nbsp;&nbsp;&nbsp;&nbsp;&nbsp;&nbsp;&nbsp;&nbsp;&nbsp;&nbsp;&nbsp;&nbsp;&nbsp;&nbsp;&nbsp;&nbsp;&nbsp;&nbsp;&nbsp;&nbsp;&nbsp;&nbsp;&nbsp;&nbsp;&nbsp;&nbsp;&nbsp;&nbsp;&nbsp;&nbsp;&nbsp;&nbsp;&nbsp;&nbsp;&nbsp;&nbsp;&nbsp;&nbsp;&nbsp;&nbsp;&nbsp;&nbsp;&nbsp;&nbsp;&nbsp;&nbsp;&nbsp;&nbsp;&nbsp;&nbsp;&nbsp;&nbsp;&nbsp;&nbsp;&nbsp;&nbsp;&nbsp;&nbsp;&nbsp;&nbsp;&nbsp;&nbsp;&nbsp;&nbsp;&nbsp;&nbsp;&nbsp;&nbsp;&nbsp;&nbsp;&nbsp;&nbsp;&nbsp;&nbsp;&nbsp;&nbsp;&nbsp;&nbsp;&nbsp;&nbsp;&nbsp;&nbsp;&nbsp;&nbsp;<\/p>\n\n\n\n<p>Los lambrequines de forma apergaminada son elementos meramente decorativos.<\/p>\n\n\n\n<p>Se tienen pruebas documentales de que este emblema ya era utilizado desde el a\u00f1o 1998, aunque no ha sido posible localizar el nombre del autor. Anterior a este emblema se utilizaba el dise\u00f1o elaborado, en 1989, por el se\u00f1or Arturo Amezcua Maga\u00f1a.<\/p>\n\n\n\n<p>En 1998 este escudo ya era utilizado en documentos oficiales del H. Ayuntamiento, lo que permite suponer que su elaboraci\u00f3n y aprobaci\u00f3n datan de esas fechas. Sin embargo, no se ha podido localizar la fecha exacta de su aprobaci\u00f3n oficial por parte del gobierno municipal.<\/p>\n\n\n\n<h3 class=\"wp-block-heading\"><strong>Cultura<\/strong><\/h3>\n\n\n\n<h5 class=\"wp-block-heading\"><strong>Monumentos Hist\u00f3ricos<\/strong><\/h5>\n\n\n\n<h5 class=\"wp-block-heading\"><strong><em>Arquitect\u00f3nicos<\/em><\/strong><\/h5>\n\n\n\n<p>Todo el casco antiguo de Tamazula est\u00e1 considerado como patrimonio arquitect\u00f3nico cultural, comprendiendo construcciones civiles y religiosas como el templo parroquial de Nuestra Se\u00f1ora del Sagrario, el templo de la Virgen de Guadalupe de estilo colonial y el edificio que alberga al Ayuntamiento Municipal que esta considerado como una de las presidencias m\u00e1s bellas de la regi\u00f3n.<\/p>\n\n\n\n<h5 class=\"wp-block-heading\"><\/h5>\n\n\n\n<figure class=\"wp-block-image\"><img decoding=\"async\" src=\"https:\/\/portal-jalisco.s3.amazonaws.com\/jalisco\/images\/tamazula_de_gordiano-05.width-500.jpg\" alt=\"tamazula_de_gordiano-05\"\/><\/figure>\n\n\n\n<h5 class=\"wp-block-heading\"><strong><em>Hist\u00f3ricos<\/em><\/strong><\/h5>\n\n\n\n<p>En la plaza principal se encuentran ubicados bustos erigidos en honor a Miguel Hidalgo, Benito Ju\u00e1rez, Cuauht\u00e9moc, Gordiano Guzm\u00e1n, entre otros; as\u00ed como la efigie a Jos\u00e9 Mar\u00eda Mart\u00ednez Rodr\u00edguez, extinto dirigente de la industria azucarera a nivel nacional y oriundo de Tamazula, ubicado en el parque del mismo nombre en la colonia Benito Ju\u00e1rez, y a Aar\u00f3n S\u00e1enz Garza, general de divisi\u00f3n del ejercito de \u00c1lvaro Obreg\u00f3n, ubicado en la plaza que lleva su nombre.<\/p>\n\n\n\n<h5 class=\"wp-block-heading\"><strong><em>Obras de arte<\/em><\/strong><\/h5>\n\n\n\n<p>Esculturas: Imagen de la Virgen del Sagrario donada por Fray Juan de Santa Mar\u00eda, en 1563 para la capilla del hospital de indios.&nbsp; Actualmente se puede apreciar en el templo erigido en honor a la venerada escultura, as\u00ed como otras im\u00e1genes religiosas a lo largo y ancho de la mencionada edificaci\u00f3n. La mayor\u00eda de los monumentos, efigies, bustos o esculturas se localizan a lo largo de la cabecera municipal, otros tantos, en menos proporci\u00f3n se encuentran en delegaciones y agencias&nbsp; municipales.<\/p>\n\n\n\n<p><strong>Pintura<\/strong>: El los muros de la Parroquia de Nuestra Se\u00f1ora del Sagrario se plasmaron seis murales (1942) que tienen la siguiente tem\u00e1tica:<\/p>\n\n\n\n<ul>\n<li>Las bodas de Cana\u00e1n<\/li>\n\n\n\n<li>La Anunciaci\u00f3n de Mar\u00eda<\/li>\n\n\n\n<li>La boda de Jos\u00e9 y Mar\u00eda<\/li>\n\n\n\n<li>La presentaci\u00f3n del Ni\u00f1o Jes\u00fas<\/li>\n\n\n\n<li>La coronaci\u00f3n de Nuestra Se\u00f1ora<\/li>\n\n\n\n<li>La Virgen del Sagrario, patrona de Tamazula.<\/li>\n<\/ul>\n\n\n\n<p>Las citadas obras fueron ordenadas por el Pbro. Ignacio Macias Campos y plasmados por el artista jalisciense&nbsp;<em>Rosal\u00edo Gonz\u00e1lez<\/em>, quien tambi\u00e9n elaboro los murales de la catedral de la vecina&nbsp;<em>Ciudad Guzm\u00e1n.<\/em><\/p>\n\n\n\n<h5 class=\"wp-block-heading\"><\/h5>\n\n\n\n<figure class=\"wp-block-image\"><img decoding=\"async\" src=\"https:\/\/portal-jalisco.s3.amazonaws.com\/jalisco\/images\/tamazula_de_gordiano-06.width-500.jpg\" alt=\"tamazula_de_gordiano-06\"\/><\/figure>\n\n\n\n<h5 class=\"wp-block-heading\"><strong><em>Leyendas<\/em><\/strong><\/h5>\n\n\n\n<p>La que se conoce como \u201cEl Milagro de la Virgen\u201d, la cual relata que, en 1850, la enfermedad el c\u00f3lera morbus&nbsp; cobr\u00f3 tal cantidad de v\u00edctimas que tuvieron que trasladar la imagen de la Virgen del Sagrario en una peregrinaci\u00f3n por todos los pueblos de la regi\u00f3n; y seg\u00fan la tradici\u00f3n, con la sola presencia de la Virgen se pudo terminar con el terrible mal que hab\u00eda diezmado a la poblaci\u00f3n.<\/p>\n\n\n\n<h5 class=\"wp-block-heading\"><strong><em>M\u00fasica<\/em><\/strong><\/h5>\n\n\n\n<p>Destacan las composiciones de los <a href=\"https:\/\/es.wikipedia.org\/wiki\/David_Z%C3%A1izar\">Hermanos Zaizar<\/a> (David y Juan) con t\u00edtulos como \u201cEl Cofrecito\u201c, \u201cCruz de Olvido\u201c y \u201cLa Basurita\u201c, entre muchos otros de corte ranchero o mariachi, siendo esta ciudad cuna de mariachis de talla internacional como el Mariachi Tamazula de Virginio Udabe (que ha participado en giras internacionales con artistas de talla mundial como Lola Beltr\u00e1n, y en giras de manera independiente como la efectuada en septiembre del 2005 por las Islas Canarias en Espa\u00f1a), el Mariachi Nuevo Tamazula de Ezequiel Hern\u00e1ndez El Tequi que ha sido testigo y participe de numerosos eventos de clase mundial como la Gala del Mariachi en el estado de Durango, en Guadalajara, etc.<\/p>\n\n\n\n<p>Tambi\u00e9n son muy populares las polcas de la inspiraci\u00f3n de Alfonso Reyna, como la que lleva por t\u00edtulo \u201cPulques y Chiripetas \u201c.<\/p>\n\n\n\n<h5 class=\"wp-block-heading\"><strong><em>Gastronom\u00eda<\/em><\/strong><\/h5>\n\n\n\n<p>Alimentos: Birria de cerdo y ternera, y todo tipo de antojitos mexicanos como el pozole, enchiladas, tamales dulces, de carne y de elote, atole, chocolate caliente, sopitos, carnes asadas, carnitas, tostadas, tacos de adobada, etc<br>Dulces: Encurtidos de calabaza, camote, biznaga y guayaba, dulces de leche y coco.<br>Bebidas: Ponche de frutas, pulque, pajaretes, mezcal, tequila, tejuino (bebida elaborada con maza y piloncillo preparada con hielo, lim\u00f3n y sal), jugo de ca\u00f1a, tuba, entre otras.<\/p>\n\n\n\n<h5 class=\"wp-block-heading\"><strong><em>Trajes t\u00edpicos.<\/em><\/strong><\/h5>\n\n\n\n<p>Traje de Charro para el hombre y el vestido de Adelita para la mujer.<\/p>\n\n\n\n<figure class=\"wp-block-image\"><img decoding=\"async\" src=\"https:\/\/portal-jalisco.s3.amazonaws.com\/jalisco\/images\/tamazula_de_gordiano-01.width-500.jpg\" alt=\"tamazula_de_gordiano-01\"\/><\/figure>\n\n\n\n<h3 class=\"wp-block-heading\"><strong>Rese\u00f1a hist\u00f3rica<\/strong><\/h3>\n\n\n\n<p>Para la conquista de Colima, Juan \u00c1lvarez Chico entr\u00f3 por Zacatecas y Coalcom\u00e1n y Alonso de \u00c1valos por Mazamitla. Este lleg\u00f3 a Tamazula el 29 de noviembre de 1522. Gobernaba a la saz\u00f3n el cacique Calizendo o Calizentli de Michoac\u00e1n, quien en uni\u00f3n de otros caciques se someti\u00f3 a los conquistadores con la esperanza de sacudirse el yugo de Txome. Este, despu\u00e9s de la Guerra del Salitre contra Tangaxhu\u00e1n II o Tzimitzincha, los hab\u00eda sojuzgado.<\/p>\n\n\n\n<p>Francisco Cort\u00e9s de San Buenaventura, por su parte lleg\u00f3 a Tamazula en Octubre de 1524, de paso a la&nbsp; reci\u00e9n fundada Villa de Colima, de la que tom\u00f3 posesi\u00f3n como Alcalde Mayor.&nbsp; Tremolaba cuatro estandartes que clavaron en el centro del poblado, ante el asombro de los ind\u00edgenas.<\/p>\n\n\n\n<p>En 1567, Mart\u00edn de Moreno encontr\u00f3 yacimientos de plata, fund\u00e1ndose en las inmediaciones de Tamazula, el Real de Zula que lleg\u00f3 a su apogeo en 1650 con algunas minas como La Moru\u00f1a, despu\u00e9s La Gachupina, San Joaqu\u00edn, y&nbsp; La Verde.&nbsp; Por el rancho de Chivillos se explot\u00f3 la del Real del Favor hasta 1811.&nbsp; La plata se llevaba a M\u00e9xico en recuas.<\/p>\n\n\n\n<p>En 1578 Tamazula fue cabecera de provincia y depend\u00edan de ella: Quitupan, Jilotl\u00e1n de los Dolores, Mazamitla y varias congregaciones y rancher\u00edas.<\/p>\n\n\n\n<p>Durante 1737, la poblaci\u00f3n en Tamazula disminuy\u00f3 notablemente debido a la peste que se produjo conocida como matlazahuatl.<\/p>\n\n\n\n<p>Hacia 1740, se hab\u00edan abandonado algunas minas y otras estaban a medias.&nbsp;<\/p>\n\n\n\n<p>En 1796 Tamazula apenas si era un recuerdo de su antigua grandeza; para entonces los fundos mineros s\u00f3lo beneficiaban a quienes los monopolizaban. Este era el ambiente que privaba en Tamazula al estallar el movimiento de Independencia en 1810.<\/p>\n\n\n\n<p>En 1825, Tamazula ya ten\u00eda Ayuntamiento y pertenec\u00eda al departamento de Zapotl\u00e1n el Grande del 4\u00ba cant\u00f3n de Sayula; y comprend\u00eda los siguientes ranchos y haciendas:&nbsp; Santa Rosa, Contla, Soyatlanes, El Salto, San Vicente, Palmillas, San Juan y San L\u00e1zaro.<\/p>\n\n\n\n<p>Por decreto del 13 de mayo de 1856, se erigi\u00f3 en 9\u00ba cant\u00f3n a Zapotl\u00e1n el Grande, quedando comprendido en su jurisdicci\u00f3n el Municipio de Tamazula. En ese mismo a\u00f1o, el d\u00eda 19 de abril, por decreto del Congreso Estatal se le da el nombre de Tamazula de Gordiano a la Villa de Tamazula, en honor al General Gordiano Guzm\u00e1n.<\/p>\n\n\n\n<p>El 28 de octubre de 1870 se public\u00f3 el decreto n\u00famero 199, en el cual se dispuso la creaci\u00f3n de un departamento en el 9\u00ba cant\u00f3n formando con las municipalidades de: Tamazula de Gordiano, Tuxpan, Tecalitl\u00e1n, Mazamitla, Quitupan, y Jilotl\u00e1n de los Dolores, siendo Tamazula la cabecera.<\/p>\n\n\n\n<p>En el decreto n\u00famero 7839, publicado el 7 de septiembre de 1963, se dispuso lo siguiente: \u201cPor su importancia en todos los \u00f3rdenes, como est\u00edmulo a la amplia labor desarrollada por sus habitantes y en memoria del insigne Insurgente don Gordiano Guzm\u00e1n, se eleva a la categor\u00eda de Ciudad, la poblaci\u00f3n de Tamazula de Gordiano\u201d.<\/p>\n\n\n\n<p>La rancher\u00eda El Aguacate, en los contornos de Tamazula, fue cuna de Francisco y Gordiano Guzm\u00e1n; hombres que se entregaron en forma total a la causa de la Independencia.<\/p>\n\n\n\n<p>Los hermanos Guzm\u00e1n participaron y concurrieron a muchos combates; enarbolaron la bandera de la Insurgencia durante algunos a\u00f1os en el sur del Estado.&nbsp; Estuvieron en el ataque a Zapotl\u00e1n el 18 de noviembre de 1811; en el de Tamazula el 3 de mayo de 1812 durante el cual incendiaron los cuarteles de los realistas; el 10 de diciembre de 1812, Francisco Guzm\u00e1n volvi\u00f3 a ocupar el terreno comprendido en el 9\u00ba cant\u00f3n. Pero fue atacado por Juan Nepomuceno Cu\u00e9llar en Zapotiltic y result\u00f3 muerto.<\/p>\n\n\n\n<p>Gordiano Guzm\u00e1n naci\u00f3 en 1789. En 1811, milit\u00f3 a las \u00f3rdenes de Vicente Guerrero. A fines de 1820, con el grado de coronel, derrot\u00f3 a Agust\u00edn de Iturbide en la Cueva del Diablo. El 24 de febrero de 1821 asisti\u00f3 a Acatempan, al hist\u00f3rico abrazo entre Iturbide y Guerrero. El 27 de febrero form\u00f3 parte del Ej\u00e9rcito Trigarante e hizo su entrada a M\u00e9xico con 3,000 soldados.<\/p>\n\n\n\n<p>Muerto Guerrero, Gordiano se\u00a0 afili\u00f3 a la causa liberal. Particip\u00f3 en la Revoluci\u00f3n del 40, en la guerra del 47 contra el invasor norteamericano y en la del Plan de Ayutla. Gordiano muri\u00f3 en Hu\u00e9tamo, Michoac\u00e1n, en abril de 1854, bajo las \u00f3rdenes del general Antonio L\u00f3pez de Santa Anna.<\/p>\n\n\n\n<p><\/p>\n\n\n\n<h2 class=\"wp-block-heading\"><a href=\"https:\/\/www.jalisco.gob.mx\/wx\/jalisco\/municipios\/tamazula-de-gordiano\" target=\"_blank\" rel=\"noreferrer noopener\">M\u00e1s Informaci\u00f3n sobre Tamazula: https:\/\/www.jalisco.gob.mx\/wx\/jalisco\/municipios\/tamazula-de-gordiano<\/a><\/h2>\n\n\n\n<p><a href=\"https:\/\/tamazuladegordiano.gob.mx\/pdf-transparencia\/2017\/marzo\/8.IX%20La%20informacion%20publica%20ord\/Cartografia%20Municipal%20IEEG.pdf\">Cartograf\u00eda Municipal<\/a><\/p>\n","protected":false},"excerpt":{"rendered":"<p>El Municipio de Tamazula se localiza al sureste del estado, en las coordenadas 19\u00ba23\u201915\u2019\u2019 a los 19\u00ba54\u201905\u2019\u2019 de latitud norte [&hellip;]<\/p>\n","protected":false},"author":1,"featured_media":0,"parent":0,"menu_order":0,"comment_status":"closed","ping_status":"closed","template":"","meta":{"site-sidebar-layout":"default","site-content-layout":"","ast-site-content-layout":"default","site-content-style":"default","site-sidebar-style":"default","ast-global-header-display":"","ast-banner-title-visibility":"","ast-main-header-display":"","ast-hfb-above-header-display":"","ast-hfb-below-header-display":"","ast-hfb-mobile-header-display":"","site-post-title":"","ast-breadcrumbs-content":"","ast-featured-img":"","footer-sml-layout":"","ast-disable-related-posts":"","theme-transparent-header-meta":"","adv-header-id-meta":"","stick-header-meta":"","header-above-stick-meta":"","header-main-stick-meta":"","header-below-stick-meta":"","astra-migrate-meta-layouts":"set","ast-page-background-enabled":"default","ast-page-background-meta":{"desktop":{"background-color":"","background-image":"","background-repeat":"repeat","background-position":"center center","background-size":"auto","background-attachment":"scroll","background-type":"","background-media":"","overlay-type":"","overlay-color":"","overlay-opacity":"","overlay-gradient":""},"tablet":{"background-color":"","background-image":"","background-repeat":"repeat","background-position":"center center","background-size":"auto","background-attachment":"scroll","background-type":"","background-media":"","overlay-type":"","overlay-color":"","overlay-opacity":"","overlay-gradient":""},"mobile":{"background-color":"","background-image":"","background-repeat":"repeat","background-position":"center center","background-size":"auto","background-attachment":"scroll","background-type":"","background-media":"","overlay-type":"","overlay-color":"","overlay-opacity":"","overlay-gradient":""}},"ast-content-background-meta":{"desktop":{"background-color":"var(--ast-global-color-5)","background-image":"","background-repeat":"repeat","background-position":"center center","background-size":"auto","background-attachment":"scroll","background-type":"","background-media":"","overlay-type":"","overlay-color":"","overlay-opacity":"","overlay-gradient":""},"tablet":{"background-color":"var(--ast-global-color-5)","background-image":"","background-repeat":"repeat","background-position":"center center","background-size":"auto","background-attachment":"scroll","background-type":"","background-media":"","overlay-type":"","overlay-color":"","overlay-opacity":"","overlay-gradient":""},"mobile":{"background-color":"var(--ast-global-color-5)","background-image":"","background-repeat":"repeat","background-position":"center center","background-size":"auto","background-attachment":"scroll","background-type":"","background-media":"","overlay-type":"","overlay-color":"","overlay-opacity":"","overlay-gradient":""}}},"_links":{"self":[{"href":"https:\/\/tamazuladegordiano.gob.mx\/new\/wp-json\/wp\/v2\/pages\/5885"}],"collection":[{"href":"https:\/\/tamazuladegordiano.gob.mx\/new\/wp-json\/wp\/v2\/pages"}],"about":[{"href":"https:\/\/tamazuladegordiano.gob.mx\/new\/wp-json\/wp\/v2\/types\/page"}],"author":[{"embeddable":true,"href":"https:\/\/tamazuladegordiano.gob.mx\/new\/wp-json\/wp\/v2\/users\/1"}],"replies":[{"embeddable":true,"href":"https:\/\/tamazuladegordiano.gob.mx\/new\/wp-json\/wp\/v2\/comments?post=5885"}],"version-history":[{"count":1,"href":"https:\/\/tamazuladegordiano.gob.mx\/new\/wp-json\/wp\/v2\/pages\/5885\/revisions"}],"predecessor-version":[{"id":5888,"href":"https:\/\/tamazuladegordiano.gob.mx\/new\/wp-json\/wp\/v2\/pages\/5885\/revisions\/5888"}],"wp:attachment":[{"href":"https:\/\/tamazuladegordiano.gob.mx\/new\/wp-json\/wp\/v2\/media?parent=5885"}],"curies":[{"name":"wp","href":"https:\/\/api.w.org\/{rel}","templated":true}]}}